{"id":2936,"date":"2021-06-14T17:12:15","date_gmt":"2021-06-14T15:12:15","guid":{"rendered":"https:\/\/www.amsterdamroots.nl\/?post_type=meloo_events&#038;p=2936"},"modified":"2024-06-07T11:42:40","modified_gmt":"2024-06-07T09:42:40","slug":"djembe-drame","status":"publish","type":"meloo_events","link":"https:\/\/www.amsterdamroots.nl\/en\/events\/djembe-drame\/","title":{"rendered":"Djemb\u00e9 Dram\u00e9"},"content":{"rendered":"<section id=\"rootsheader\" class=\"kc-elm kc-css-762841 kc_row\"><div class=\"kc-row-container  kc-container\"><div class=\"kc-wrap-columns\"><div class=\"kc-elm kc-css-532553 kc_col-sm-12 kc_column kc_col-sm-12\"><div class=\"kc-col-container\"><div class=\"kc-elm kc-css-849308 kc-fancy-title\">\n\t<div class=\"kc-inner-wrap  dark-scheme-el\">\n\t\t<div class=\"kc-fancy-title-block on-left\">\n\t\t\t\t<h1 class=\"kc-h-style h-style-4\">Djemb\u00e9 Dram\u00e9 <\/h1>\n\t\t\t\t\t<\/div>\n\t<\/div>\n<\/div>\n<\/div><\/div><\/div><\/div><\/section><section class=\"kc-elm kc-css-527878 kc_row\"><div class=\"kc-row-container  kc-container\"><div class=\"kc-wrap-columns\"><div class=\"kc-elm kc-css-514829 kc_col-sm-8 kc_column kc_col-sm-8\"><div class=\"kc-col-container\"><\/div><\/div><div class=\"kc-elm kc-css-44892 kc_col-sm-4 kc_column kc_col-sm-4\"><div class=\"kc-col-container\">\n\n<div class=\"kc-elm kc-css-364829 kc-fancy-button-wrap\">\n\t<div class=\"kc-fancy-button-inner  light-scheme-el\" data-parallax='{\"y\": 0}'>\n\t\t<a class=\"kc-btn btn\" href=\"\/en\/programme\/roots-open-air\/\" target=\"_self\" title=\"Tickets and registration\">\n\t\t\tFree entrance\t\t<\/a>\n\t<\/div>\n<\/div>\n<\/div><\/div><\/div><\/div><\/section><section class=\"kc-elm kc-css-17682 kc_row\"><div class=\"kc-row-container  kc-container\"><div class=\"kc-wrap-columns\"><div class=\"kc-elm kc-css-926054 kc_col-sm-8 kc_column kc_col-sm-8\"><div class=\"kc-col-container\"><div class=\"kc-elm kc-css-964856 kc-event-date  light-scheme-el\">\n\n\t<div class=\"kc-big-event-date\" data-parallax='{\"y\": 0}'>\n\t\tTuesday 01\/01\t<\/div>\n<\/div>\n<div class=\"kc-elm kc-css-627866 kc_text_block\"><h3 style=\"font-weight: normal; text-transform: none; margin-top: 0px; padding-top: 0px; padding-bottom: 10px;\">Start: 16:45<\/h3>\n<\/div><div class=\"kc-elm kc-css-742414 kc-share-buttons \">\n\t<div class=\"kc-share-buttons-inner\">\n\t\t\n    <a class=\"micro-btn micro-share fb-share-btn\" target=\"_blank\" href=\"http:\/\/www.facebook.com\/sharer.php?u=https:\/\/www.amsterdamroots.nl\/en\/events\/djembe-drame\/\"><span class=\"icon icon-facebook\"><\/span><\/a>\n    <a class=\"micro-btn micro-share twitter-share-btn\" target=\"_blank\" href=\"http:\/\/twitter.com\/share?url=https:\/\/www.amsterdamroots.nl\/en\/events\/djembe-drame\/\"><span class=\"icon icon-twitter\"><\/span><\/a>\n\t<\/div>\n<\/div>\n<div class=\"kc-elm kc-css-906209 kc_text_block\"><p>Mouss\u00e9 Dram\u00e9 was born in Senegal and has been playing djemb\u00e9 since the age of five. From the age of fifteen, he\u2019s been performing everywhere in Africa and Europe as a percussion soloist in various percussion and dance groups. He\u2019s been in the Netherlands for 10 years now, giving djemb\u00e9 and dance classes to children of all ages. Your kids will love this experience!<\/p>\n<\/div>\n<div class=\"kc-elm kc-css-474981 kc-title-wrap \">\n\n\t<h3 class=\"kc_title\">Where?<\/h3>\n<\/div>\n<div class=\"kc-elm kc-css-662262 kc_text_block\"><p>Oosterpark<\/p>\n<\/div>\n\n<div class=\"kc-elm kc-css-956051 kc-fancy-button-wrap\">\n\t<div class=\"kc-fancy-button-inner  light-scheme-el\" data-parallax='{\"y\": 0}'>\n\t\t<a class=\"kc-btn line-link\" href=\"https:\/\/goo.gl\/maps\/A6zc1o1w2H41Dsnu9\" target=\"_blank\" title=\"View on Google Maps\">\n\t\t\tView on Google Maps\t\t<\/a>\n\t<\/div>\n<\/div>\n<\/div><\/div><div class=\"kc-elm kc-css-423770 kc_col-sm-4 kc_column kc_col-sm-4\"><div class=\"kc-col-container\"><div class=\"kc-elm kc-css-838374 kc-parallax-el \"><div class=\"kc-parallax-wrap\" data-parallax='{\"y\": 0}' ><div class=\"kc-elm kc-css-534146 kc_shortcode kc_single_image\">\n\n        <img decoding=\"async\" src=\"https:\/\/www.amsterdamroots.nl\/wp-content\/uploads\/2021\/06\/djembe.jpeg\" class=\"\" alt=\"\" \/>    \t    <p class=\"scapt\">\u00a9 Siegfried Marque<\/p>\n\t    <\/div>\n<div class=\"kc-elm kc-css-924230 kc_shortcode kc_single_image\">\n\n        <img decoding=\"async\" src=\"https:\/\/www.amsterdamroots.nl\/wp-content\/uploads\/2023\/06\/Kopie-van-rdj18189-151820-e1686653852670.jpg\" class=\"\" alt=\"\" \/>    \t    <p class=\"scapt\">\u00a9 Siegfried Marque<\/p>\n\t    <\/div>\n<div class=\"kc-elm kc-css-345836 kc_shortcode kc_single_image\">\n\n        <img decoding=\"async\" src=\"https:\/\/www.amsterdamroots.nl\/wp-content\/uploads\/2023\/05\/rdj22184-152723.jpg\" class=\"\" alt=\"\" \/>    \t    <p class=\"scapt\">\u00a9 Siegfried Marque<\/p>\n\t    <\/div>\n<div class=\"kc-elm kc-css-197259 kc_shortcode kc_single_image\">\n\n        <img decoding=\"async\" src=\"https:\/\/www.amsterdamroots.nl\/wp-content\/uploads\/2023\/05\/rdj_kids-open-air_18189-155335.jpg\" class=\"\" alt=\"\" \/>    \t    <p class=\"scapt\">\u00a9 Siegfried Marque<\/p>\n\t    <\/div>\n<\/div><\/div><\/div><\/div><\/div><\/div><\/section>\n","protected":false},"excerpt":{"rendered":"","protected":false},"featured_media":2974,"comment_status":"closed","ping_status":"closed","template":"","meta":[],"class_list":["post-2936","meloo_events","type-meloo_events","status-publish","has-post-thumbnail","hentry","meloo_events_cats-oosterpark-en","meloo_events_cats-oosterpark"],"yoast_head":"<!-- This site is optimized with the Yoast SEO plugin v27.5 - https:\/\/yoast.com\/product\/yoast-seo-wordpress\/ -->\n<title>Djemb\u00e9 Dram\u00e9 - Amsterdam Roots Festival<\/title>\n<meta name=\"robots\" content=\"index, follow, max-snippet:-1, max-image-preview:large, max-video-preview:-1\" \/>\n<link rel=\"canonical\" href=\"https:\/\/www.amsterdamroots.nl\/en\/events\/djembe-drame\/\" \/>\n<meta property=\"og:locale\" content=\"en_US\" \/>\n<meta property=\"og:type\" content=\"article\" \/>\n<meta property=\"og:title\" content=\"Djemb\u00e9 Dram\u00e9 - Amsterdam Roots Festival\" \/>\n<meta property=\"og:description\" content=\"Djemb\u00e9 Dram\u00e9 Free entrance dinsdag 01\/01 Start: 16:45 Mouss\u00e9 Dram\u00e9 was born in Senegal and has been playing djemb\u00e9 since the age of five. From the age of fifteen, he\u2019s been performing everywhere in Africa and Europe as a percussion soloist in various percussion and dance groups. He\u2019s been in the Netherlands for 10 years [&hellip;]\" \/>\n<meta property=\"og:url\" content=\"https:\/\/www.amsterdamroots.nl\/en\/events\/djembe-drame\/\" \/>\n<meta property=\"og:site_name\" content=\"Amsterdam Roots Festival\" \/>\n<meta property=\"article:publisher\" content=\"http:\/\/www.facebook.com\/amsterdamroots\" \/>\n<meta property=\"article:modified_time\" content=\"2024-06-07T09:42:40+00:00\" \/>\n<meta property=\"og:image\" content=\"https:\/\/www.amsterdamroots.nl\/wp-content\/uploads\/2021\/06\/djembe_sq-1.jpg\" \/>\n\t<meta property=\"og:image:width\" content=\"929\" \/>\n\t<meta property=\"og:image:height\" content=\"929\" \/>\n\t<meta property=\"og:image:type\" content=\"image\/jpeg\" \/>\n<meta name=\"twitter:card\" content=\"summary_large_image\" \/>\n<meta name=\"twitter:site\" content=\"@amsterdamroots\" \/>\n<meta name=\"twitter:label1\" content=\"Est. reading time\" \/>\n\t<meta name=\"twitter:data1\" content=\"2 minutes\" \/>\n<script type=\"application\/ld+json\" class=\"yoast-schema-graph\">{\"@context\":\"https:\\\/\\\/schema.org\",\"@graph\":[{\"@type\":\"WebPage\",\"@id\":\"https:\\\/\\\/www.amsterdamroots.nl\\\/en\\\/events\\\/djembe-drame\\\/\",\"url\":\"https:\\\/\\\/www.amsterdamroots.nl\\\/en\\\/events\\\/djembe-drame\\\/\",\"name\":\"Djemb\u00e9 Dram\u00e9 - Amsterdam Roots Festival\",\"isPartOf\":{\"@id\":\"https:\\\/\\\/www.amsterdamroots.nl\\\/en\\\/#website\"},\"primaryImageOfPage\":{\"@id\":\"https:\\\/\\\/www.amsterdamroots.nl\\\/en\\\/events\\\/djembe-drame\\\/#primaryimage\"},\"image\":{\"@id\":\"https:\\\/\\\/www.amsterdamroots.nl\\\/en\\\/events\\\/djembe-drame\\\/#primaryimage\"},\"thumbnailUrl\":\"https:\\\/\\\/www.amsterdamroots.nl\\\/wp-content\\\/uploads\\\/2021\\\/06\\\/djembe_sq-1.jpg\",\"datePublished\":\"2021-06-14T15:12:15+00:00\",\"dateModified\":\"2024-06-07T09:42:40+00:00\",\"breadcrumb\":{\"@id\":\"https:\\\/\\\/www.amsterdamroots.nl\\\/en\\\/events\\\/djembe-drame\\\/#breadcrumb\"},\"inLanguage\":\"en-US\",\"potentialAction\":[{\"@type\":\"ReadAction\",\"target\":[\"https:\\\/\\\/www.amsterdamroots.nl\\\/en\\\/events\\\/djembe-drame\\\/\"]}]},{\"@type\":\"ImageObject\",\"inLanguage\":\"en-US\",\"@id\":\"https:\\\/\\\/www.amsterdamroots.nl\\\/en\\\/events\\\/djembe-drame\\\/#primaryimage\",\"url\":\"https:\\\/\\\/www.amsterdamroots.nl\\\/wp-content\\\/uploads\\\/2021\\\/06\\\/djembe_sq-1.jpg\",\"contentUrl\":\"https:\\\/\\\/www.amsterdamroots.nl\\\/wp-content\\\/uploads\\\/2021\\\/06\\\/djembe_sq-1.jpg\",\"width\":929,\"height\":929},{\"@type\":\"BreadcrumbList\",\"@id\":\"https:\\\/\\\/www.amsterdamroots.nl\\\/en\\\/events\\\/djembe-drame\\\/#breadcrumb\",\"itemListElement\":[{\"@type\":\"ListItem\",\"position\":1,\"name\":\"Home\",\"item\":\"https:\\\/\\\/www.amsterdamroots.nl\\\/en\\\/\"},{\"@type\":\"ListItem\",\"position\":2,\"name\":\"Djemb\u00e9 Dram\u00e9\"}]},{\"@type\":\"WebSite\",\"@id\":\"https:\\\/\\\/www.amsterdamroots.nl\\\/en\\\/#website\",\"url\":\"https:\\\/\\\/www.amsterdamroots.nl\\\/en\\\/\",\"name\":\"Amsterdam Roots Festival\",\"description\":\"\",\"publisher\":{\"@id\":\"https:\\\/\\\/www.amsterdamroots.nl\\\/en\\\/#organization\"},\"potentialAction\":[{\"@type\":\"SearchAction\",\"target\":{\"@type\":\"EntryPoint\",\"urlTemplate\":\"https:\\\/\\\/www.amsterdamroots.nl\\\/en\\\/?s={search_term_string}\"},\"query-input\":{\"@type\":\"PropertyValueSpecification\",\"valueRequired\":true,\"valueName\":\"search_term_string\"}}],\"inLanguage\":\"en-US\"},{\"@type\":\"Organization\",\"@id\":\"https:\\\/\\\/www.amsterdamroots.nl\\\/en\\\/#organization\",\"name\":\"Amsterdam Roots\",\"url\":\"https:\\\/\\\/www.amsterdamroots.nl\\\/en\\\/\",\"logo\":{\"@type\":\"ImageObject\",\"inLanguage\":\"en-US\",\"@id\":\"https:\\\/\\\/www.amsterdamroots.nl\\\/en\\\/#\\\/schema\\\/logo\\\/image\\\/\",\"url\":\"https:\\\/\\\/www.amsterdamroots.nl\\\/wp-content\\\/uploads\\\/2021\\\/03\\\/amsterdam-roots-groen-transparent-100.png\",\"contentUrl\":\"https:\\\/\\\/www.amsterdamroots.nl\\\/wp-content\\\/uploads\\\/2021\\\/03\\\/amsterdam-roots-groen-transparent-100.png\",\"width\":262,\"height\":100,\"caption\":\"Amsterdam Roots\"},\"image\":{\"@id\":\"https:\\\/\\\/www.amsterdamroots.nl\\\/en\\\/#\\\/schema\\\/logo\\\/image\\\/\"},\"sameAs\":[\"http:\\\/\\\/www.facebook.com\\\/amsterdamroots\",\"https:\\\/\\\/x.com\\\/amsterdamroots\",\"http:\\\/\\\/instagram.com\\\/amsterdam_roots\",\"https:\\\/\\\/www.youtube.com\\\/user\\\/rootsfestival\"]}]}<\/script>\n<!-- \/ Yoast SEO plugin. -->","yoast_head_json":{"title":"Djemb\u00e9 Dram\u00e9 - Amsterdam Roots Festival","robots":{"index":"index","follow":"follow","max-snippet":"max-snippet:-1","max-image-preview":"max-image-preview:large","max-video-preview":"max-video-preview:-1"},"canonical":"https:\/\/www.amsterdamroots.nl\/en\/events\/djembe-drame\/","og_locale":"en_US","og_type":"article","og_title":"Djemb\u00e9 Dram\u00e9 - Amsterdam Roots Festival","og_description":"Djemb\u00e9 Dram\u00e9 Free entrance dinsdag 01\/01 Start: 16:45 Mouss\u00e9 Dram\u00e9 was born in Senegal and has been playing djemb\u00e9 since the age of five. From the age of fifteen, he\u2019s been performing everywhere in Africa and Europe as a percussion soloist in various percussion and dance groups. He\u2019s been in the Netherlands for 10 years [&hellip;]","og_url":"https:\/\/www.amsterdamroots.nl\/en\/events\/djembe-drame\/","og_site_name":"Amsterdam Roots Festival","article_publisher":"http:\/\/www.facebook.com\/amsterdamroots","article_modified_time":"2024-06-07T09:42:40+00:00","og_image":[{"width":929,"height":929,"url":"https:\/\/www.amsterdamroots.nl\/wp-content\/uploads\/2021\/06\/djembe_sq-1.jpg","type":"image\/jpeg"}],"twitter_card":"summary_large_image","twitter_site":"@amsterdamroots","twitter_misc":{"Est. reading time":"2 minutes"},"schema":{"@context":"https:\/\/schema.org","@graph":[{"@type":"WebPage","@id":"https:\/\/www.amsterdamroots.nl\/en\/events\/djembe-drame\/","url":"https:\/\/www.amsterdamroots.nl\/en\/events\/djembe-drame\/","name":"Djemb\u00e9 Dram\u00e9 - Amsterdam Roots Festival","isPartOf":{"@id":"https:\/\/www.amsterdamroots.nl\/en\/#website"},"primaryImageOfPage":{"@id":"https:\/\/www.amsterdamroots.nl\/en\/events\/djembe-drame\/#primaryimage"},"image":{"@id":"https:\/\/www.amsterdamroots.nl\/en\/events\/djembe-drame\/#primaryimage"},"thumbnailUrl":"https:\/\/www.amsterdamroots.nl\/wp-content\/uploads\/2021\/06\/djembe_sq-1.jpg","datePublished":"2021-06-14T15:12:15+00:00","dateModified":"2024-06-07T09:42:40+00:00","breadcrumb":{"@id":"https:\/\/www.amsterdamroots.nl\/en\/events\/djembe-drame\/#breadcrumb"},"inLanguage":"en-US","potentialAction":[{"@type":"ReadAction","target":["https:\/\/www.amsterdamroots.nl\/en\/events\/djembe-drame\/"]}]},{"@type":"ImageObject","inLanguage":"en-US","@id":"https:\/\/www.amsterdamroots.nl\/en\/events\/djembe-drame\/#primaryimage","url":"https:\/\/www.amsterdamroots.nl\/wp-content\/uploads\/2021\/06\/djembe_sq-1.jpg","contentUrl":"https:\/\/www.amsterdamroots.nl\/wp-content\/uploads\/2021\/06\/djembe_sq-1.jpg","width":929,"height":929},{"@type":"BreadcrumbList","@id":"https:\/\/www.amsterdamroots.nl\/en\/events\/djembe-drame\/#breadcrumb","itemListElement":[{"@type":"ListItem","position":1,"name":"Home","item":"https:\/\/www.amsterdamroots.nl\/en\/"},{"@type":"ListItem","position":2,"name":"Djemb\u00e9 Dram\u00e9"}]},{"@type":"WebSite","@id":"https:\/\/www.amsterdamroots.nl\/en\/#website","url":"https:\/\/www.amsterdamroots.nl\/en\/","name":"Amsterdam Roots Festival","description":"","publisher":{"@id":"https:\/\/www.amsterdamroots.nl\/en\/#organization"},"potentialAction":[{"@type":"SearchAction","target":{"@type":"EntryPoint","urlTemplate":"https:\/\/www.amsterdamroots.nl\/en\/?s={search_term_string}"},"query-input":{"@type":"PropertyValueSpecification","valueRequired":true,"valueName":"search_term_string"}}],"inLanguage":"en-US"},{"@type":"Organization","@id":"https:\/\/www.amsterdamroots.nl\/en\/#organization","name":"Amsterdam Roots","url":"https:\/\/www.amsterdamroots.nl\/en\/","logo":{"@type":"ImageObject","inLanguage":"en-US","@id":"https:\/\/www.amsterdamroots.nl\/en\/#\/schema\/logo\/image\/","url":"https:\/\/www.amsterdamroots.nl\/wp-content\/uploads\/2021\/03\/amsterdam-roots-groen-transparent-100.png","contentUrl":"https:\/\/www.amsterdamroots.nl\/wp-content\/uploads\/2021\/03\/amsterdam-roots-groen-transparent-100.png","width":262,"height":100,"caption":"Amsterdam Roots"},"image":{"@id":"https:\/\/www.amsterdamroots.nl\/en\/#\/schema\/logo\/image\/"},"sameAs":["http:\/\/www.facebook.com\/amsterdamroots","https:\/\/x.com\/amsterdamroots","http:\/\/instagram.com\/amsterdam_roots","https:\/\/www.youtube.com\/user\/rootsfestival"]}]}},"_links":{"self":[{"href":"https:\/\/www.amsterdamroots.nl\/en\/wp-json\/wp\/v2\/meloo_events\/2936","targetHints":{"allow":["GET"]}}],"collection":[{"href":"https:\/\/www.amsterdamroots.nl\/en\/wp-json\/wp\/v2\/meloo_events"}],"about":[{"href":"https:\/\/www.amsterdamroots.nl\/en\/wp-json\/wp\/v2\/types\/meloo_events"}],"replies":[{"embeddable":true,"href":"https:\/\/www.amsterdamroots.nl\/en\/wp-json\/wp\/v2\/comments?post=2936"}],"wp:featuredmedia":[{"embeddable":true,"href":"https:\/\/www.amsterdamroots.nl\/en\/wp-json\/wp\/v2\/media\/2974"}],"wp:attachment":[{"href":"https:\/\/www.amsterdamroots.nl\/en\/wp-json\/wp\/v2\/media?parent=2936"}],"curies":[{"name":"wp","href":"https:\/\/api.w.org\/{rel}","templated":true}]}}